{"id":883,"date":"2022-12-13T16:20:25","date_gmt":"2022-12-13T15:20:25","guid":{"rendered":"https:\/\/gis.tuzvo.sk\/agp\/?page_id=883"},"modified":"2026-02-18T01:53:36","modified_gmt":"2026-02-18T00:53:36","slug":"forum-mladych-geoinformatikov-2013","status":"publish","type":"page","link":"https:\/\/gis.tuzvo.sk\/?page_id=883","title":{"rendered":"F\u00f3rum mlad\u00fdch geoinformatikov 2013"},"content":{"rendered":"<div class=\"wp-block-image\">\n<figure class=\"alignleft size-full is-resized\"><img loading=\"lazy\" decoding=\"async\" width=\"480\" height=\"480\" src=\"https:\/\/gis.tuzvo.sk\/wp-content\/uploads\/2022\/12\/fmg_logo-1.jpg\" alt=\"\" class=\"wp-image-862\" style=\"width:120px;height:120px\"\/><\/figure>\n<\/div>\n\n\n<p>Technick\u00e1 univerzita v spolupr\u00e1ci so Slovenskou agent\u00farou \u017eivotn\u00e9ho prostredia a Slovenskou asoci\u00e1ciou pre geoinformatiku usporiadala 7. ro\u010dn\u00edk F\u00f3ra mlad\u00fdch geoinformatikov (FMG 2013). FMG 2013 sa, ako aj ostatn\u00e9 ro\u010dn\u00edky, konalo v priestoroch Technickej univerzity vo Zvolene v d\u0148och 2. &#8211; 3. m\u00e1ja. F\u00f3rum bolo predbe\u017ene pl\u00e1novan\u00e9 na jeden de\u0148, no pre ve\u013ek\u00fd z\u00e1ujem sa muselo rozdeli\u0165 na dva dni. Celkovo bolo prijat\u00fdch 20 pr\u00edspevkov z 10 r\u00f4znych univerz\u00edt a in\u0161tit\u00facii z 3 kraj\u00edn. V\u00fdstupom FMG 2013 bol recenzovan\u00fd zborn\u00edk, \u010falej boli \u0161tyri \u010dl\u00e1nky uverejnen\u00e9 v \u010dasopise <a rel=\"noreferrer noopener\" href=\"http:\/\/gse.vsb.cz\/\" target=\"_blank\">Geoscience Engineering<\/a>, jeden v \u010dasopise <a rel=\"noreferrer noopener\" href=\"http:\/\/egako.eu\/\" target=\"_blank\">GAKO<\/a> a tri pr\u00edspevky boli odprezentovan\u00e9 na <a rel=\"noreferrer noopener\" href=\"http:\/\/enviroiforum.sazp.sk\/\" target=\"_blank\">Enviro-i-F\u00f3re 2013<\/a>. Podrobn\u00fa repotrt\u00e1\u017e o tom ako FMG 2013 videli organiz\u00e1tori si m\u00f4\u017eete pre\u010d\u00edta\u0165 na <a rel=\"noreferrer noopener\" href=\"http:\/\/www.gisportal.cz\/2013\/05\/jak-videli-forum-mladych-geoinformatiku-ve-zvoleni-jeho-poradatele-reportaz\/\" target=\"_blank\">gisportal.cz<\/a>.<\/p>\n\n\n\n<p>V r\u00e1mci FMG 2013 sa pre pozvan\u00fdch host\u00ed uskuto\u010dnil brainstorming na t\u00e9mu: Zabezpe\u010denie interoperability v NIPI a INSPIRE.<\/p>\n\n\n\n<ul class=\"wp-block-list\">\n<li>2.5.2013 v \u010dase 14:30 &#8211; 16:30<\/li>\n\n\n\n<li>3.5.2013 v \u010dase 09:00 &#8211; 11:30<\/li>\n<\/ul>\n\n\n\n<h2 class=\"wp-block-heading\">Program<\/h2>\n\n\n\n<p><strong>\u0160tvrtok&nbsp;2.5.2013<\/strong><\/p>\n\n\n\n<ul class=\"wp-block-list\">\n<li>08:30 \u2013 10:00 Registr\u00e1cia \u00fa\u010dastn\u00edkov<\/li>\n\n\n\n<li>10:00 \u2013 10:15 Otvorenie konferencie<\/li>\n<\/ul>\n\n\n\n<p>1. blok (10:15 &#8211;&nbsp;11:45)<\/p>\n\n\n<div class=\"wp-block-image is-style-rounded\">\n<figure class=\"alignright size-full is-resized\"><img loading=\"lazy\" decoding=\"async\" width=\"3648\" height=\"2736\" src=\"https:\/\/gis.tuzvo.sk\/wp-content\/uploads\/2022\/12\/P1060875.jpg\" alt=\"\" class=\"wp-image-695\" style=\"width:491px;height:368px\"\/><\/figure>\n<\/div>\n\n\n<ul class=\"wp-block-list\">\n<li><a href=\".\/wp-content\/uploads\/2022\/12\/martin_tuchyna.pdf\">Martin Tuchy\u0148a &#8211; Iniciat\u00edva INSPIRE &#8211; princ\u00edpy, \u010fal\u0161ie smerovanie a s\u00favisiace aktivity<\/a><\/li>\n\n\n\n<li><a href=\".\/wp-content\/uploads\/2022\/12\/tomas_kliment.pdf\">Tom\u00e1\u0161 Kliment &#8211; Geokatal\u00f3g zdrojov geopriestorov\u00fdch inform\u00e1ci\u00ed z\u00edskan\u00fdch prostredn\u00edctvom mainstreamov\u00e9ho vyh\u013ead\u00e1va\u010da Google<\/a><\/li>\n\n\n\n<li><a href=\".\/wp-content\/uploads\/2022\/12\/radoslav_chudy.pdf\">Radoslav Chud\u00fd &#8211; Hodnotenie kvality digit\u00e1lnych v\u00fd\u0161kov\u00fdch modelov v kontexte INSPIRE<\/a><\/li>\n\n\n\n<li><a href=\".\/wp-content\/uploads\/2022\/12\/marek_lesak.pdf\">Marek Les\u00e1k (T-MAPY) &#8211; Modern\u00fd GEOPORT\u00c1L<\/a><\/li>\n\n\n\n<li><a href=\".\/wp-content\/uploads\/2022\/12\/martin_koska.pdf\">Martin Ko\u0161ka &#8211; NIPI &#8211; sie\u0165ov\u00e9 slu\u017eby, harmoniz\u00e1cia a interoperabilita \u00fadajov<\/a><\/li>\n\n\n\n<li><a href=\".\/wp-content\/uploads\/2022\/12\/vladimir_stromcek.pdf\">Vladim\u00edr Strom\u010dek (G-BASE) &#8211; Svet popul\u00e1rnych geoslu\u017eieb<\/a><\/li>\n<\/ul>\n\n\n\n<p>11:45 \u2013 13:00&nbsp;Obed<\/p>\n\n\n\n<p>2. blok (13:00 &#8211;&nbsp;14:30)<\/p>\n\n\n\n<ul class=\"wp-block-list\">\n<li>Vladim\u00edr Gr\u00e1c (GEODIS SLOVAKIA) &#8211; Novinky v ponuke GEODIS SLOVAKIA, s.r.o.<\/li>\n\n\n\n<li>Kamil Ky\u0161e\u013ea &#8211; Porovnanie priestorov\u00fdch modelov \u010dasti povrchov\u00e9ho lomu zameran\u00e9ho gnss, tachymetriou a laserov\u00fdm skenovan\u00edm<\/li>\n\n\n\n<li><a href=\".\/wp-content\/uploads\/2022\/12\/michal_rus.pdf\">Michal Ru\u0161 &#8211; S\u00fa\u010dasn\u00e9 mo\u017enosti vyu\u017eitia leteckej spektroskopie na detekciu archeologick\u00fdch vegeta\u010dn\u00fdch pr\u00edznakov<\/a><\/li>\n\n\n\n<li><a href=\".\/wp-content\/uploads\/2022\/12\/miriama_kurcikova.pdf\">Miriama Kur\u010d\u00edkov\u00e1 &#8211; Klasifik\u00e1cia lesn\u00fdch porastov s vyu\u017eit\u00edm prav\u00fdch a tradi\u010dn\u00fdch ortofotosn\u00edmok<\/a><\/li>\n\n\n\n<li><a href=\".\/wp-content\/uploads\/2022\/12\/maria_havasova.pdf\">M\u00e1ria Hava\u0161ov\u00e1 &#8211; Vyhodnotenie mo\u017enost\u00ed pou\u017eitia satelitn\u00fdch sn\u00edmok Landsat na identifik\u00e1ciu ohn\u00edsk lyko\u017er\u00fata smrekov\u00e9ho (Ips typographus) v O.o. Javorina<\/a><\/li>\n\n\n\n<li><a href=\".\/wp-content\/uploads\/2022\/12\/vladimir_grac_uav.pdf\">Vladim\u00edr Gr\u00e1c (GEODIS SLOVAKIA) &#8211; UAV &#8211; Drony &#8211; bezpilotn\u00e9 lietadl\u00e1<\/a><\/li>\n<\/ul>\n\n\n\n<p>14:30-14:45&nbsp;Prest\u00e1vka<\/p>\n\n\n\n<p>3. blok (14:45 &#8211;&nbsp;16:15)<\/p>\n\n\n\n<ul class=\"wp-block-list\">\n<li><a href=\".\/wp-content\/uploads\/2022\/12\/kristina_danova.pdf\">Krist\u00edna Da\u0148ov\u00e1 &#8211; Nov\u00fd v\u00fd\u0161kopis na Slovensku &#8211; nutnos\u0165 alebo zbyto\u010dn\u00fd luxus?<\/a><\/li>\n\n\n\n<li>Martin Mydliar (ArcGEO) &#8211; &#8220;ArcGIS Online&#8221;<\/li>\n\n\n\n<li><a href=\".\/wp-content\/uploads\/2022\/12\/jakub_straka.pdf\">Jakub Straka &#8211; Vizualiz\u00e1cia objektov \u0161t\u00e1tneho mapov\u00e9ho diela Slovenskej republiky novej gener\u00e1cie<\/a><\/li>\n\n\n\n<li>Kamil Ky\u0161e\u013ea &#8211; Vyu\u017eitie vybran\u00fdch geodetick\u00fdch met\u00f3d pre zameranie povrchov\u00fdch bansk\u00fdch prev\u00e1dzok s cie\u013eom tvorby ich 3d modelov<\/li>\n\n\n\n<li><a href=\".\/wp-content\/uploads\/2022\/12\/marek_ziacik.pdf\">Marek \u017dia\u010dik &#8211; N\u00e1rodn\u00e1 infra\u0161trukt\u00fara pre priestorov\u00e9 inform\u00e1cie &#8211; koordin\u00e1cia, povinn\u00e9 osoby, zdie\u013eanie \u00fadajov, ciele<\/a><\/li>\n\n\n\n<li>J\u00e1n \u010cura (Gista) &#8211; Open Source technol\u00f3gie v praxi<\/li>\n<\/ul>\n\n\n\n<p>16:15 \u2013 18:30 Prehliadka 3D virtu\u00e1lnej&nbsp;jaskyne<\/p>\n\n\n\n<p>19:00&nbsp;Raut<\/p>\n\n\n\n<p><strong>Piatok&nbsp;3.5.2013<\/strong><\/p>\n\n\n<div class=\"wp-block-image is-style-rounded\">\n<figure class=\"alignright size-full is-resized\"><img loading=\"lazy\" decoding=\"async\" width=\"3648\" height=\"2736\" src=\"https:\/\/gis.tuzvo.sk\/wp-content\/uploads\/2022\/12\/P1060855.jpg\" alt=\"\" class=\"wp-image-692\" style=\"width:541px;height:406px\"\/><\/figure>\n<\/div>\n\n\n<p>4. blok (09:00 &#8211;&nbsp;10:15)<\/p>\n\n\n\n<ul class=\"wp-block-list\">\n<li><a href=\".\/wp-content\/uploads\/2022\/12\/ivan_mudron_mod.pdf\">Ivan Mudro\u0148 &#8211; Environment\u00e1lny dopad antropog\u00e9nnych aktiv\u00edt na inunda\u010dn\u00e9 \u00fazemia riek, pr\u00edpadov\u00e1 \u0161t\u00fadia z povodia Be\u010dvy<\/a><\/li>\n\n\n\n<li><a href=\".\/wp-content\/uploads\/2022\/12\/tomas_satala.pdf\">Tom\u00e1\u0161 \u0160atala &#8211; Modelovanie \u010dasov\u00e9ho a priestorov\u00e9ho rozlo\u017eenia z\u00e1sob vody viazan\u00fdch v snehovej pokr\u00fdvke<\/a><\/li>\n\n\n\n<li>Matej Vojtek &#8211; Morfometrick\u00e1 anal\u00fdza povodia Vy\u010domy s vyu\u017eit\u00edm geografick\u00fdch informa\u010dn\u00fdch syst\u00e9mov<\/li>\n\n\n\n<li><a href=\".\/wp-content\/uploads\/2022\/12\/daniel_kubinsky.pdf\">Daniel Kubinsk\u00fd \u2013 Vyu\u017eitie GIS pri anal\u00fdze zmien vodn\u00fdch n\u00e1dr\u017e\u00ed \u2013 uk\u00e1\u017ekov\u00e1 \u0161t\u00fadia na Ve\u013ekej Kolpa\u0161skej vodnej n\u00e1dr\u017ei<\/a><\/li>\n\n\n\n<li>Martin Bart\u00edk &#8211; Simul\u00e1cia ohrozenosti horsk\u00e9ho prostredia lav\u00ednami v okol\u00ed Magurky s pou\u017eit\u00edm modelu ELBA+<\/li>\n<\/ul>\n\n\n\n<p>10:15 \u2013 10:30&nbsp;Prest\u00e1vka<\/p>\n\n\n\n<p>5. blok (10:30 &#8211;&nbsp;11:45)<\/p>\n\n\n\n<ul class=\"wp-block-list\">\n<li><a href=\".\/wp-content\/uploads\/2022\/12\/lucia_mackova.pdf\">Lucia Mackov\u00e1 &#8211; Vyu\u017eitie prostriedkov GIS pre procesn\u00e9 zjem\u0148ovanie simul\u00e1ci\u00ed rastu lesn\u00fdch ekosyst\u00e9mov<\/a><\/li>\n\n\n\n<li><a href=\".\/wp-content\/uploads\/2022\/12\/ivan_mudron_env.pdf\">Ivan Mudro\u0148 &#8211; Modelovanie neistoty vo v\u00fdpo\u010dte sklonov z LIDAR-ov\u00fdch DMR a z\u00e1vislos\u0165 ch\u00fdb; Pr\u00edpadov\u00e1 \u0161t\u00fadia vybran\u00e9ho mal\u00e9ho \u00fazemia v \u010cR<\/a><\/li>\n\n\n\n<li>J\u00e1n Dubiel &#8211; Modelovanie priestorovej distrib\u00facie \u0165a\u017ek\u00fdch kovov za pomoci n\u00e1strojov GIS v lokalite \u013dubietov\u00e1<\/li>\n\n\n\n<li><a href=\".\/wp-content\/uploads\/2022\/12\/lenka_zajickova.pdf\">Lenka Zaj\u00ed\u010dkov\u00e1 &#8211; Datov\u00fd model dopravn\u00ed s\u00edt\u011b pro spr\u00e1vu dat a \u0159\u00edzen\u00ed ve\u0159ejn\u00e9 hromadn\u00e9 dopravy<\/a><\/li>\n\n\n\n<li>Ji\u0159\u00ed P\u00e1nek &#8211; GIS a jeho vyu\u017eit\u00ed v rozvojov\u00fdch zem\u00edch &#8211; jak\u00fdm etick\u00fdm ot\u00e1zk\u00e1m mus\u00edme \u010delit?<\/li>\n<\/ul>\n\n\n\n<p>11:45 \u2013 12:15 Ukon\u010denie&nbsp;konferencie<\/p>\n\n\n\n<h2 class=\"wp-block-heading\">Programov\u00fd v\u00fdbor<\/h2>\n\n\n\n<ul class=\"wp-block-list\">\n<li>prof. Ing. J\u00e1n Tu\u010dek, CSc., TU vo Zvolene<\/li>\n\n\n\n<li>doc. RNDr. Dagmar Kusendov\u00e1, PhD., UK v Bratislave<\/li>\n\n\n\n<li>doc. Ing. J\u00e1n Mergani\u010d, PhD., TU vo Zvolene<\/li>\n\n\n\n<li>Ing. Dr. nat. techn. Katar\u00edna Mergani\u010dov\u00e1, TU vo Zvolene<\/li>\n\n\n\n<li>doc. Ing. Petr Rapant, CSc., V\u0160B TU Ostrava<\/li>\n\n\n\n<li>doc. Ing. Peter Bli\u0161\u0165an, PhD., TU v Ko\u0161iciach<\/li>\n\n\n\n<li>doc. Martin Klim\u00e1nek, PhD., Mendelova univerzita v Brne<\/li>\n\n\n\n<li>RNDr. Tom\u00e1\u0161 \u0158ezn\u00edk, PhD., Mendelova univerzita v Brne<\/li>\n\n\n\n<li>Ing. R\u00f3bert Fenc\u00edk PhD., STU v Bratislave<\/li>\n\n\n\n<li>Ing. Igor Ivan, PhD., V\u0160B TU Ostrava<\/li>\n\n\n\n<li>Ing. Jan R\u016f\u017ei\u010dka PhD., V\u0160B &#8211; TU Ostrava<\/li>\n\n\n\n<li>Ing. Martin Tuchy\u0148a, PhD., SA\u017dP<\/li>\n\n\n\n<li>Mgr. Milan Kore\u0148, PhD., TU vo Zvolene<\/li>\n\n\n\n<li>Ing. Marcel Kliment, PhD., SPU v Nitre<\/li>\n\n\n\n<li>Ing. Tom\u00e1\u0161 Mikita, PhD., Mendelova univerzita v Brne<\/li>\n<\/ul>\n\n\n\n<h2 class=\"wp-block-heading\" id=\"Zborn_k_z_konferencie\">Zborn\u00edk z&nbsp;konferencie<\/h2>\n\n\n\n<ul class=\"wp-block-list\">\n<li><a href=\".\/wp-content\/uploads\/2022\/12\/fmg_zbornik_2013.zip\">F\u00f3rum mlad\u00fdch geoinformatikov 2013: recenzovan\u00fd zborn\u00edk. Technick\u00e1 univerzita vo Zvolene, 02.-03. m\u00e1j 2013. Eds. Martin Mokro\u0161, Zuzana Mich\u0148ov\u00e1. Technick\u00e1 univerzita vo Zvolene, 2013, ISBN 978-80-228-2518-4.<\/a><\/li>\n<\/ul>\n\n\n\n<figure class=\"wp-block-gallery has-nested-images columns-default is-cropped wp-block-gallery-1 is-layout-flex wp-block-gallery-is-layout-flex\">\n<figure class=\"wp-block-image size-large\"><img loading=\"lazy\" decoding=\"async\" width=\"3648\" height=\"2736\" data-id=\"696\" src=\"https:\/\/gis.tuzvo.sk\/wp-content\/uploads\/2022\/12\/P1060895.jpg\" alt=\"\" class=\"wp-image-696\"\/><\/figure>\n\n\n\n<figure class=\"wp-block-image size-large\"><img loading=\"lazy\" decoding=\"async\" width=\"3648\" height=\"2736\" data-id=\"694\" src=\"https:\/\/gis.tuzvo.sk\/wp-content\/uploads\/2022\/12\/P1060871.jpg\" alt=\"\" class=\"wp-image-694\"\/><\/figure>\n\n\n\n<figure class=\"wp-block-image size-large\"><img loading=\"lazy\" decoding=\"async\" width=\"3648\" height=\"2736\" data-id=\"693\" src=\"https:\/\/gis.tuzvo.sk\/wp-content\/uploads\/2022\/12\/P1060860.jpg\" alt=\"\" class=\"wp-image-693\"\/><\/figure>\n<\/figure>\n","protected":false},"excerpt":{"rendered":"<p>Technick\u00e1 univerzita v spolupr\u00e1ci so Slovenskou agent\u00farou \u017eivotn\u00e9ho prostredia a Slovenskou asoci\u00e1ciou pre geoinformatiku usporiadala 7. ro\u010dn\u00edk F\u00f3ra mlad\u00fdch geoinformatikov (FMG 2013). FMG 2013 sa, ako aj ostatn\u00e9 ro\u010dn\u00edky, konalo v priestoroch Technickej univerzity vo Zvolene v d\u0148och 2. &#8211; 3. m\u00e1ja. F\u00f3rum bolo predbe\u017ene pl\u00e1novan\u00e9 na jeden de\u0148, no pre ve\u013ek\u00fd z\u00e1ujem sa muselo &hellip; <\/p>\n<div class=\"link-more\"><a href=\"https:\/\/gis.tuzvo.sk\/?page_id=883\" class=\"more-link\">Read More<span class=\"screen-reader-text\"> &#8220;F\u00f3rum mlad\u00fdch geoinformatikov 2013&#8221;<\/span><\/a><\/div>\n","protected":false},"author":2,"featured_media":0,"parent":0,"menu_order":0,"comment_status":"closed","ping_status":"closed","template":"","meta":{"footnotes":""},"class_list":["post-883","page","type-page","status-publish","hentry"],"_links":{"self":[{"href":"https:\/\/gis.tuzvo.sk\/index.php?rest_route=\/wp\/v2\/pages\/883","targetHints":{"allow":["GET"]}}],"collection":[{"href":"https:\/\/gis.tuzvo.sk\/index.php?rest_route=\/wp\/v2\/pages"}],"about":[{"href":"https:\/\/gis.tuzvo.sk\/index.php?rest_route=\/wp\/v2\/types\/page"}],"author":[{"embeddable":true,"href":"https:\/\/gis.tuzvo.sk\/index.php?rest_route=\/wp\/v2\/users\/2"}],"replies":[{"embeddable":true,"href":"https:\/\/gis.tuzvo.sk\/index.php?rest_route=%2Fwp%2Fv2%2Fcomments&post=883"}],"version-history":[{"count":23,"href":"https:\/\/gis.tuzvo.sk\/index.php?rest_route=\/wp\/v2\/pages\/883\/revisions"}],"predecessor-version":[{"id":1349,"href":"https:\/\/gis.tuzvo.sk\/index.php?rest_route=\/wp\/v2\/pages\/883\/revisions\/1349"}],"wp:attachment":[{"href":"https:\/\/gis.tuzvo.sk\/index.php?rest_route=%2Fwp%2Fv2%2Fmedia&parent=883"}],"curies":[{"name":"wp","href":"https:\/\/api.w.org\/{rel}","templated":true}]}}