{"id":812,"date":"2022-12-08T11:17:14","date_gmt":"2022-12-08T10:17:14","guid":{"rendered":"https:\/\/gis.tuzvo.sk\/agp\/?page_id=812"},"modified":"2026-02-18T01:45:05","modified_gmt":"2026-02-18T00:45:05","slug":"forum-mladych-geoinformatikov-2005","status":"publish","type":"page","link":"https:\/\/gis.tuzvo.sk\/?page_id=812","title":{"rendered":"F\u00f3rum mlad\u00fdch geoinformatikov 2005"},"content":{"rendered":"<div class=\"wp-block-image\">\n<figure class=\"alignleft size-full is-resized\"><img loading=\"lazy\" decoding=\"async\" width=\"480\" height=\"480\" src=\"https:\/\/gis.tuzvo.sk\/wp-content\/uploads\/2022\/12\/fmg_logo-1.jpg\" alt=\"\" class=\"wp-image-862\" style=\"width:120px;height:120px\"\/><\/figure>\n<\/div>\n\n\n<p>Semin\u00e1r sa konal 26.5.2005 na Technickej univerzite (TU) vo Zvolene. \u00dastrednou t\u00e9mou 1. ro\u010dn\u00edka bol aktu\u00e1lny stav vo vyu\u017e\u00edvan\u00ed geoinformatiky.<\/p>\n\n\n\n<p>F\u00f3rum mlad\u00fdch geoinformatikov je projekt, ktor\u00e9ho cie\u013eom je prezent\u00e1cia pr\u00e1c z oblasti geografick\u00fdch informa\u010dn\u00fdch syst\u00e9mov (GIS), dia\u013ekov\u00e9ho prieskumu Zeme (DPZ) a in\u00fdch pr\u00edbuzn\u00fdch odborov. Je ur\u010den\u00fd pre intern\u00fdch aj extern\u00fdch \u0161tudentov bakal\u00e1rskeho, magistersk\u00e9ho (in\u017einierskeho) a doktorandsk\u00e9ho \u0161t\u00fadia.<\/p>\n\n\n\n<p>Semin\u00e1ra sa z\u00fa\u010dastnilo spolu 25 geoinformatikov preva\u017ene z akademickej p\u00f4dy, no tie\u017e z verejnej spr\u00e1vy a s\u00fakromnej sf\u00e9ry.<\/p>\n\n\n\n<figure class=\"wp-block-image size-full is-style-rounded\"><img loading=\"lazy\" decoding=\"async\" width=\"1118\" height=\"236\" src=\"https:\/\/gis.tuzvo.sk\/wp-content\/uploads\/2022\/12\/050526_sagi_fmg_00.jpg\" alt=\"\" class=\"wp-image-625\"\/><\/figure>\n\n\n\n<p>Program<\/p>\n\n\n\n<ul class=\"wp-block-list\">\n<li>09:30 \u2013 10:00 Otvorenie<\/li>\n\n\n\n<li>10:00 \u2013 12:00 Prezent\u00e1cie sekcie GIS\n\n\n\n\n\n\n\n\n\n\n\n\n\n\n\n\n\n\n<ul class=\"wp-block-list\">\n<li>10:00 \u2013 10:20 <a rel=\"noreferrer noopener\" href=\".\/wp-content\/uploads\/2022\/12\/sagi_fmg01_ofukany.pdf\" data-type=\"URL\" data-id=\"http:\/\/wp-content\/uploads\/2022\/12\/sagi_fmg01_ofukany.pdf\" target=\"_blank\">Miloslav Of\u00fakan\u00fd: Koordina\u010dn\u00e1 \u010dinnos\u0165 rezortu \u00daGKK SR v oblasti GIS<\/a> (<a href=\".\/wp-content\/uploads\/2022\/12\/pr_Miloslav_Ofukany.pdf\" target=\"_blank\" rel=\"noreferrer noopener\">full&nbsp;text<\/a>)<\/li>\n\n\n\n<li>10:20 \u2013 10:40 Miloslav Of\u00fakan\u00fd: Projekt INSPIRE v kontexte geografick\u00e9ho v\u00fdskumu a praxe<\/li>\n<\/ul>\n\n\n\n<ul class=\"wp-block-list\">\n<li>10:40 \u2013 11:00 <a href=\".\/wp-content\/uploads\/2022\/12\/sagi_fmg03_kenderessy.pdf\" target=\"_blank\" rel=\"noreferrer noopener\">Pavol Kenderessy: Integr\u00e1cia GIS do tvorby krajinnoekologick\u00e9ho pl\u00e1nu<\/a><\/li>\n\n\n\n<li>11:00 \u2013 11:20 <a href=\".\/wp-content\/uploads\/2022\/12\/sagi_fmg04_lieskovsky.pdf\" target=\"_blank\" rel=\"noreferrer noopener\">Juraj Lieskovsk\u00fd: Met\u00f3dy na v\u00fdpo\u010det LS faktora pri modelovan\u00ed vodnej er\u00f3zie p\u00f4dy<\/a> (<a href=\".\/wp-content\/uploads\/2022\/12\/pr_Juraj_Lieskovsky.pdf\" target=\"_blank\" rel=\"noreferrer noopener\">full&nbsp;text<\/a>)<\/li>\n\n\n\n<li>11:20 \u2013 11:40 <a href=\".\/wp-content\/uploads\/2022\/12\/sagi_fmg05_weisenpacher.pdf\" target=\"_blank\" rel=\"noreferrer noopener\">Peter Weisenpacher: Vyu\u017eitie GIS pri simul\u00e1cii lesn\u00fdch po\u017eiarov<\/a> (<a href=\".\/wp-content\/uploads\/2022\/12\/pr_Peter_Weisenpacher.pdf\" target=\"_blank\" rel=\"noreferrer noopener\">full&nbsp;text<\/a>)<\/li>\n\n\n\n<li>11:40 \u2013 12:00 Andrea Majlingov\u00e1: N\u00e1vrh metodiky pre rie\u0161enie ter\u00e9nnej a technologickej typiz\u00e1cie na Slovensku s vyu\u017eit\u00edm met\u00f3d GIS a syst\u00e9mov pre podporu priestorov\u00e9ho rozhodovania (<a href=\".\/wp-content\/uploads\/2022\/12\/pr_Andrea_Majlingova.pdf\" target=\"_blank\" rel=\"noreferrer noopener\">full text<\/a>)<\/li>\n<\/ul>\n<\/li>\n\n\n\n<li>12:00 \u2013 13:00 Obed<\/li>\n\n\n\n<li>13:00 \u2013 14:00 Prezent\u00e1cie sekcie DPZ\n<ul class=\"wp-block-list\">\n<li>13:00 \u2013 13:20 <a href=\".\/wp-content\/uploads\/2022\/12\/sagi_fmg06_scholtz.pdf\" target=\"_blank\" rel=\"noreferrer noopener\">Peter Scholtz: Odhad \u00farod po\u013enohospod\u00e1rskych plod\u00edn pomocou satelitn\u00fdch obrazov\u00fdch z\u00e1znamov<\/a> (<a href=\".\/wp-content\/uploads\/2022\/12\/pr_Peter_Scholtz.pdf\" target=\"_blank\" rel=\"noreferrer noopener\">full&nbsp;text<\/a>)<\/li>\n\n\n\n<li>13:20 \u2013 13:40 <a href=\".\/wp-content\/uploads\/2022\/12\/sagi_fmg07_stankova.pdf\" target=\"_blank\" rel=\"noreferrer noopener\">Hana Stankov\u00e1: Identifik\u00e1cia zmien krajinnej pokr\u00fdvky vysokohorskej krajiny na z\u00e1klade ortofotom\u00e1p<\/a> (<a href=\".\/wp-content\/uploads\/2022\/12\/pr_Hana_Stankova.pdf\" target=\"_blank\" rel=\"noreferrer noopener\">full&nbsp;text<\/a>)<\/li>\n\n\n\n<li>13:40 \u2013 14:00 <a href=\".\/wp-content\/uploads\/2022\/12\/sagi_fmg08_szocsova.pdf\" target=\"_blank\" rel=\"noreferrer noopener\">Ildik\u00f3 Sz\u0151csov\u00e1: Spracovanie satelitn\u00fdch obrazov\u00fdch z\u00e1znamov pre kampa\u0148 2004 Kontroly dia\u013ekov\u00fdm prieskumom Zeme<\/a> (<a href=\".\/wp-content\/uploads\/2022\/12\/pr_Peter_Scholtz2.pdf\" target=\"_blank\" rel=\"noreferrer noopener\">full text<\/a>)<\/li>\n<\/ul>\n<\/li>\n\n\n\n<li>14:00 \u2013 15:00 Postery\n<ul class=\"wp-block-list\">\n<li><a href=\".\/wp-content\/uploads\/2022\/12\/sagi_fmg09_boltiziar.pdf\" target=\"_blank\" rel=\"noreferrer noopener\">Martin Bolti\u017eiar: Hodnotenie zmien krajinnej \u0161trukt\u00fary vysokohorskej krajiny Tatier na z\u00e1klade interpret\u00e1cie historick\u00fdch a s\u00fa\u010dasn\u00fdch leteck\u00fdch sn\u00edmok v prostred\u00ed GIS<\/a><\/li>\n\n\n\n<li>Ondrej \u010culen: Geografick\u00e1 datab\u00e1za komplexn\u00e9ho digit\u00e1lneho modelu reli\u00e9fu<\/li>\n\n\n\n<li><a href=\".\/wp-content\/uploads\/2022\/12\/sagi_fmg10_halabuk.pdf\" target=\"_blank\" rel=\"noreferrer noopener\">Andrej Halabuk: Vyu\u017eitie satelitn\u00fdch sn\u00edmok pri odhade biomasy trste<\/a> (<a href=\".\/wp-content\/uploads\/2022\/12\/pr_Andrej_Halabuk.pdf\" target=\"_blank\" rel=\"noreferrer noopener\">abstract<\/a>)<\/li>\n\n\n\n<li><a href=\".\/wp-content\/uploads\/2022\/12\/sagi_fmg11_scholtz.pdf\" target=\"_blank\" rel=\"noreferrer noopener\">Peter Scholtz: Odhad \u00farod po\u013enohospod\u00e1rskych plod\u00edn pomocou satelitn\u00fdch obrazov\u00fdch z\u00e1znamov<\/a><\/li>\n\n\n\n<li><a href=\".\/wp-content\/uploads\/2022\/12\/sagi_fmg12_scholtz_szocsova.pdf\" target=\"_blank\" rel=\"noreferrer noopener\">Peter Scholtz, Ildik\u00f3 Sz\u0151csov\u00e1: Spracovanie satelitn\u00fdch obrazov\u00fdch z\u00e1znamov pre kampa\u0148 2004 Kontroly dia\u013ekov\u00fdm prieskumom Zeme<\/a><\/li>\n\n\n\n<li>J\u00e1n \u017ditniak, Matej Parg\u00e1\u010d: Aplik\u00e1cia ReadShape na sledovanie negat\u00edvnych javov v pr\u00edrode<\/li>\n<\/ul>\n<\/li>\n\n\n\n<li>15:00 \u2013 17:00 Diskusia<\/li>\n<\/ul>\n\n\n\n<figure class=\"wp-block-gallery has-nested-images columns-5 is-cropped wp-block-gallery-1 is-layout-flex wp-block-gallery-is-layout-flex\">\n<figure class=\"wp-block-image size-large\"><img loading=\"lazy\" decoding=\"async\" width=\"531\" height=\"709\" data-id=\"635\" src=\"https:\/\/gis.tuzvo.sk\/wp-content\/uploads\/2022\/12\/050526_sagi_fmg_10.jpg\" alt=\"\" class=\"wp-image-635\"\/><\/figure>\n\n\n\n<figure class=\"wp-block-image size-large\"><img loading=\"lazy\" decoding=\"async\" width=\"529\" height=\"709\" data-id=\"634\" src=\"https:\/\/gis.tuzvo.sk\/wp-content\/uploads\/2022\/12\/050526_sagi_fmg_09.jpg\" alt=\"\" class=\"wp-image-634\"\/><\/figure>\n\n\n\n<figure class=\"wp-block-image size-large\"><img loading=\"lazy\" decoding=\"async\" width=\"531\" height=\"709\" data-id=\"633\" src=\"https:\/\/gis.tuzvo.sk\/wp-content\/uploads\/2022\/12\/050526_sagi_fmg_08.jpg\" alt=\"\" class=\"wp-image-633\"\/><\/figure>\n\n\n\n<figure class=\"wp-block-image size-large\"><img loading=\"lazy\" decoding=\"async\" width=\"531\" height=\"709\" data-id=\"632\" src=\"https:\/\/gis.tuzvo.sk\/wp-content\/uploads\/2022\/12\/050526_sagi_fmg_07.jpg\" alt=\"\" class=\"wp-image-632\"\/><\/figure>\n\n\n\n<figure class=\"wp-block-image size-large\"><img loading=\"lazy\" decoding=\"async\" width=\"531\" height=\"709\" data-id=\"631\" src=\"https:\/\/gis.tuzvo.sk\/wp-content\/uploads\/2022\/12\/050526_sagi_fmg_06.jpg\" alt=\"\" class=\"wp-image-631\"\/><\/figure>\n\n\n\n<figure class=\"wp-block-image size-large\"><img loading=\"lazy\" decoding=\"async\" width=\"531\" height=\"709\" data-id=\"630\" src=\"https:\/\/gis.tuzvo.sk\/wp-content\/uploads\/2022\/12\/050526_sagi_fmg_05.jpg\" alt=\"\" class=\"wp-image-630\"\/><\/figure>\n\n\n\n<figure class=\"wp-block-image size-large\"><img loading=\"lazy\" decoding=\"async\" width=\"532\" height=\"710\" data-id=\"629\" src=\"https:\/\/gis.tuzvo.sk\/wp-content\/uploads\/2022\/12\/050526_sagi_fmg_04.jpg\" alt=\"\" class=\"wp-image-629\"\/><\/figure>\n\n\n\n<figure class=\"wp-block-image size-large\"><img loading=\"lazy\" decoding=\"async\" width=\"531\" height=\"709\" data-id=\"628\" src=\"https:\/\/gis.tuzvo.sk\/wp-content\/uploads\/2022\/12\/050526_sagi_fmg_03.jpg\" alt=\"\" class=\"wp-image-628\"\/><\/figure>\n\n\n\n<figure class=\"wp-block-image size-large\"><img loading=\"lazy\" decoding=\"async\" width=\"531\" height=\"709\" data-id=\"627\" src=\"https:\/\/gis.tuzvo.sk\/wp-content\/uploads\/2022\/12\/050526_sagi_fmg_02.jpg\" alt=\"\" class=\"wp-image-627\"\/><\/figure>\n\n\n\n<figure class=\"wp-block-image size-large\"><img loading=\"lazy\" decoding=\"async\" width=\"531\" height=\"709\" data-id=\"626\" src=\"https:\/\/gis.tuzvo.sk\/wp-content\/uploads\/2022\/12\/050526_sagi_fmg_01.jpg\" alt=\"\" class=\"wp-image-626\"\/><\/figure>\n<\/figure>\n","protected":false},"excerpt":{"rendered":"<p>Semin\u00e1r sa konal 26.5.2005 na Technickej univerzite (TU) vo Zvolene. \u00dastrednou t\u00e9mou 1. ro\u010dn\u00edka bol aktu\u00e1lny stav vo vyu\u017e\u00edvan\u00ed geoinformatiky. F\u00f3rum mlad\u00fdch geoinformatikov je projekt, ktor\u00e9ho cie\u013eom je prezent\u00e1cia pr\u00e1c z oblasti geografick\u00fdch informa\u010dn\u00fdch syst\u00e9mov (GIS), dia\u013ekov\u00e9ho prieskumu Zeme (DPZ) a in\u00fdch pr\u00edbuzn\u00fdch odborov. Je ur\u010den\u00fd pre intern\u00fdch aj extern\u00fdch \u0161tudentov bakal\u00e1rskeho, magistersk\u00e9ho (in\u017einierskeho) a &hellip; <\/p>\n<div class=\"link-more\"><a href=\"https:\/\/gis.tuzvo.sk\/?page_id=812\" class=\"more-link\">Read More<span class=\"screen-reader-text\"> &#8220;F\u00f3rum mlad\u00fdch geoinformatikov 2005&#8221;<\/span><\/a><\/div>\n","protected":false},"author":2,"featured_media":0,"parent":0,"menu_order":0,"comment_status":"closed","ping_status":"closed","template":"","meta":{"footnotes":""},"class_list":["post-812","page","type-page","status-publish","hentry"],"_links":{"self":[{"href":"https:\/\/gis.tuzvo.sk\/index.php?rest_route=\/wp\/v2\/pages\/812","targetHints":{"allow":["GET"]}}],"collection":[{"href":"https:\/\/gis.tuzvo.sk\/index.php?rest_route=\/wp\/v2\/pages"}],"about":[{"href":"https:\/\/gis.tuzvo.sk\/index.php?rest_route=\/wp\/v2\/types\/page"}],"author":[{"embeddable":true,"href":"https:\/\/gis.tuzvo.sk\/index.php?rest_route=\/wp\/v2\/users\/2"}],"replies":[{"embeddable":true,"href":"https:\/\/gis.tuzvo.sk\/index.php?rest_route=%2Fwp%2Fv2%2Fcomments&post=812"}],"version-history":[{"count":24,"href":"https:\/\/gis.tuzvo.sk\/index.php?rest_route=\/wp\/v2\/pages\/812\/revisions"}],"predecessor-version":[{"id":1342,"href":"https:\/\/gis.tuzvo.sk\/index.php?rest_route=\/wp\/v2\/pages\/812\/revisions\/1342"}],"wp:attachment":[{"href":"https:\/\/gis.tuzvo.sk\/index.php?rest_route=%2Fwp%2Fv2%2Fmedia&parent=812"}],"curies":[{"name":"wp","href":"https:\/\/api.w.org\/{rel}","templated":true}]}}